{"id":2381,"date":"2021-03-23T07:59:08","date_gmt":"2021-03-23T07:59:08","guid":{"rendered":"http:\/\/test.evergreen-fabrics.com\/?page_id=2381"},"modified":"2025-12-16T10:35:05","modified_gmt":"2025-12-16T10:35:05","slug":"nos-certifications","status":"publish","type":"page","link":"https:\/\/www.evergreen-fabrics.com\/fr\/nos-certifications\/","title":{"rendered":"Nos certifications"},"content":{"rendered":"\t\t<div data-elementor-type=\"wp-page\" data-elementor-id=\"2381\" class=\"elementor elementor-2381 elementor-1778\" data-elementor-settings=\"[]\">\n\t\t\t\t\t\t<div class=\"elementor-inner\">\n\t\t\t\t\t\t\t<div class=\"elementor-section-wrap\">\n\t\t\t\t\t\t\t<section class=\"elementor-section elementor-top-section elementor-element elementor-element-f5ef4d1 elementor-section-boxed elementor-section-height-default elementor-section-height-default\" data-id=\"f5ef4d1\" data-element_type=\"section\" data-settings=\"{&quot;background_background&quot;:&quot;classic&quot;}\">\n\t\t\t\t\t\t<div class=\"elementor-container elementor-column-gap-default\">\n\t\t\t\t\t\t\t<div class=\"elementor-row\">\n\t\t\t\t\t<div class=\"elementor-column elementor-col-100 elementor-top-column elementor-element elementor-element-f49f563\" data-id=\"f49f563\" data-element_type=\"column\">\n\t\t\t<div class=\"elementor-column-wrap elementor-element-populated\">\n\t\t\t\t\t\t\t<div class=\"elementor-widget-wrap\">\n\t\t\t\t\t\t<div class=\"elementor-element elementor-element-a3c4fb6 elementor-widget elementor-widget-heading\" data-id=\"a3c4fb6\" data-element_type=\"widget\" data-widget_type=\"heading.default\">\n\t\t\t\t<div class=\"elementor-widget-container\">\n\t\t\t<h2 class=\"elementor-heading-title elementor-size-default\">Nos certifications<\/h2>\t\t<\/div>\n\t\t\t\t<\/div>\n\t\t\t\t<section class=\"elementor-section elementor-inner-section elementor-element elementor-element-1bb52cc elementor-section-boxed elementor-section-height-default elementor-section-height-default\" data-id=\"1bb52cc\" data-element_type=\"section\">\n\t\t\t\t\t\t<div class=\"elementor-container elementor-column-gap-default\">\n\t\t\t\t\t\t\t<div class=\"elementor-row\">\n\t\t\t\t\t<div class=\"elementor-column elementor-col-33 elementor-inner-column elementor-element elementor-element-e69f5a0\" data-id=\"e69f5a0\" data-element_type=\"column\">\n\t\t\t<div class=\"elementor-column-wrap elementor-element-populated\">\n\t\t\t\t\t\t\t<div class=\"elementor-widget-wrap\">\n\t\t\t\t\t\t<div class=\"elementor-element elementor-element-8c1772e elementor-widget elementor-widget-image\" data-id=\"8c1772e\" data-element_type=\"widget\" data-widget_type=\"image.default\">\n\t\t\t\t<div class=\"elementor-widget-container\">\n\t\t\t\t\t<div class=\"elementor-image\">\n\t\t\t\t\t\t\t\t\t\t<img loading=\"lazy\" decoding=\"async\" width=\"480\" height=\"480\" src=\"https:\/\/www.evergreen-fabrics.com\/wp-content\/uploads\/2020\/02\/MADE-IN-FRANCE-1.png\" class=\"attachment-full size-full\" alt=\"\" srcset=\"https:\/\/www.evergreen-fabrics.com\/wp-content\/uploads\/2020\/02\/MADE-IN-FRANCE-1.png 480w, https:\/\/www.evergreen-fabrics.com\/wp-content\/uploads\/2020\/02\/MADE-IN-FRANCE-1-300x300.png 300w, https:\/\/www.evergreen-fabrics.com\/wp-content\/uploads\/2020\/02\/MADE-IN-FRANCE-1-150x150.png 150w\" sizes=\"auto, (max-width: 480px) 100vw, 480px\" \/>\t\t\t\t\t\t\t\t\t\t\t<\/div>\n\t\t\t\t<\/div>\n\t\t\t\t<\/div>\n\t\t\t\t\t\t<\/div>\n\t\t\t\t\t<\/div>\n\t\t<\/div>\n\t\t\t\t<div class=\"elementor-column elementor-col-66 elementor-inner-column elementor-element elementor-element-301df8b\" data-id=\"301df8b\" data-element_type=\"column\">\n\t\t\t<div class=\"elementor-column-wrap elementor-element-populated\">\n\t\t\t\t\t\t\t<div class=\"elementor-widget-wrap\">\n\t\t\t\t\t\t<div class=\"elementor-element elementor-element-0705a37 elementor-widget elementor-widget-heading\" data-id=\"0705a37\" data-element_type=\"widget\" data-widget_type=\"heading.default\">\n\t\t\t\t<div class=\"elementor-widget-container\">\n\t\t\t<h2 class=\"elementor-heading-title elementor-size-default\">FABRIQUE EN FRANCE<\/h2>\t\t<\/div>\n\t\t\t\t<\/div>\n\t\t\t\t<div class=\"elementor-element elementor-element-f4f4358 elementor-widget elementor-widget-text-editor\" data-id=\"f4f4358\" data-element_type=\"widget\" data-widget_type=\"text-editor.default\">\n\t\t\t\t<div class=\"elementor-widget-container\">\n\t\t\t\t\t<div class=\"elementor-text-editor elementor-clearfix\"><p>La fabrication de ces produits est totalement r\u00e9alis\u00e9e en France, plus pr\u00e9cis\u00e9ment<br \/>en Is\u00e8re. C\u2019est la garantie d\u2019une production contr\u00f4l\u00e9e et juste, aussi bien en terme<br \/>de conditions de travail du personnel, de la qualit\u00e9 du produit, que des conditions<br \/>environnementales.<\/p><\/div>\n\t\t\t\t<\/div>\n\t\t\t\t<\/div>\n\t\t\t\t\t\t<\/div>\n\t\t\t\t\t<\/div>\n\t\t<\/div>\n\t\t\t\t\t\t\t\t<\/div>\n\t\t\t\t\t<\/div>\n\t\t<\/section>\n\t\t\t\t<section class=\"elementor-section elementor-inner-section elementor-element elementor-element-bffbe56 elementor-section-boxed elementor-section-height-default elementor-section-height-default\" data-id=\"bffbe56\" data-element_type=\"section\">\n\t\t\t\t\t\t<div class=\"elementor-container elementor-column-gap-default\">\n\t\t\t\t\t\t\t<div class=\"elementor-row\">\n\t\t\t\t\t<div class=\"elementor-column elementor-col-33 elementor-inner-column elementor-element elementor-element-cb0ee06\" data-id=\"cb0ee06\" data-element_type=\"column\">\n\t\t\t<div class=\"elementor-column-wrap elementor-element-populated\">\n\t\t\t\t\t\t\t<div class=\"elementor-widget-wrap\">\n\t\t\t\t\t\t<div class=\"elementor-element elementor-element-fe03eb1 elementor-widget elementor-widget-image\" data-id=\"fe03eb1\" data-element_type=\"widget\" data-widget_type=\"image.default\">\n\t\t\t\t<div class=\"elementor-widget-container\">\n\t\t\t\t\t<div class=\"elementor-image\">\n\t\t\t\t\t\t\t\t\t\t<img loading=\"lazy\" decoding=\"async\" width=\"480\" height=\"480\" src=\"https:\/\/www.evergreen-fabrics.com\/wp-content\/uploads\/2020\/02\/VOC-FREE-1.png\" class=\"attachment-full size-full\" alt=\"\" srcset=\"https:\/\/www.evergreen-fabrics.com\/wp-content\/uploads\/2020\/02\/VOC-FREE-1.png 480w, https:\/\/www.evergreen-fabrics.com\/wp-content\/uploads\/2020\/02\/VOC-FREE-1-300x300.png 300w, https:\/\/www.evergreen-fabrics.com\/wp-content\/uploads\/2020\/02\/VOC-FREE-1-150x150.png 150w\" sizes=\"auto, (max-width: 480px) 100vw, 480px\" \/>\t\t\t\t\t\t\t\t\t\t\t<\/div>\n\t\t\t\t<\/div>\n\t\t\t\t<\/div>\n\t\t\t\t\t\t<\/div>\n\t\t\t\t\t<\/div>\n\t\t<\/div>\n\t\t\t\t<div class=\"elementor-column elementor-col-66 elementor-inner-column elementor-element elementor-element-478e92e\" data-id=\"478e92e\" data-element_type=\"column\">\n\t\t\t<div class=\"elementor-column-wrap elementor-element-populated\">\n\t\t\t\t\t\t\t<div class=\"elementor-widget-wrap\">\n\t\t\t\t\t\t<div class=\"elementor-element elementor-element-49b8e9e elementor-widget elementor-widget-heading\" data-id=\"49b8e9e\" data-element_type=\"widget\" data-widget_type=\"heading.default\">\n\t\t\t\t<div class=\"elementor-widget-container\">\n\t\t\t<h2 class=\"elementor-heading-title elementor-size-default\">EVERGREEN COLLECTION | PVC FREE | VOC FREE<\/h2>\t\t<\/div>\n\t\t\t\t<\/div>\n\t\t\t\t<div class=\"elementor-element elementor-element-e0082dd elementor-widget elementor-widget-text-editor\" data-id=\"e0082dd\" data-element_type=\"widget\" data-widget_type=\"text-editor.default\">\n\t\t\t\t<div class=\"elementor-widget-container\">\n\t\t\t\t\t<div class=\"elementor-text-editor elementor-clearfix\"><p>Les textiles EverGreen ne lib\u00e8rent aucun composant toxique ou canc\u00e9rig\u00e8ne, ils ne d\u00e9gagent aucun C.OV. (Compos\u00e9 Organique Volatile).<\/p><\/div>\n\t\t\t\t<\/div>\n\t\t\t\t<\/div>\n\t\t\t\t\t\t<\/div>\n\t\t\t\t\t<\/div>\n\t\t<\/div>\n\t\t\t\t\t\t\t\t<\/div>\n\t\t\t\t\t<\/div>\n\t\t<\/section>\n\t\t\t\t<section class=\"elementor-section elementor-inner-section elementor-element elementor-element-ea656fd elementor-section-boxed elementor-section-height-default elementor-section-height-default\" data-id=\"ea656fd\" data-element_type=\"section\">\n\t\t\t\t\t\t<div class=\"elementor-container elementor-column-gap-default\">\n\t\t\t\t\t\t\t<div class=\"elementor-row\">\n\t\t\t\t\t<div class=\"elementor-column elementor-col-33 elementor-inner-column elementor-element elementor-element-1478d81\" data-id=\"1478d81\" data-element_type=\"column\">\n\t\t\t<div class=\"elementor-column-wrap elementor-element-populated\">\n\t\t\t\t\t\t\t<div class=\"elementor-widget-wrap\">\n\t\t\t\t\t\t<div class=\"elementor-element elementor-element-c636e56 elementor-widget elementor-widget-image\" data-id=\"c636e56\" data-element_type=\"widget\" data-widget_type=\"image.default\">\n\t\t\t\t<div class=\"elementor-widget-container\">\n\t\t\t\t\t<div class=\"elementor-image\">\n\t\t\t\t\t\t\t\t\t\t<img loading=\"lazy\" decoding=\"async\" width=\"800\" height=\"800\" src=\"https:\/\/www.evergreen-fabrics.com\/wp-content\/uploads\/2020\/02\/GREENGUARD-1.png\" class=\"attachment-full size-full\" alt=\"\" srcset=\"https:\/\/www.evergreen-fabrics.com\/wp-content\/uploads\/2020\/02\/GREENGUARD-1.png 800w, https:\/\/www.evergreen-fabrics.com\/wp-content\/uploads\/2020\/02\/GREENGUARD-1-300x300.png 300w, https:\/\/www.evergreen-fabrics.com\/wp-content\/uploads\/2020\/02\/GREENGUARD-1-150x150.png 150w, https:\/\/www.evergreen-fabrics.com\/wp-content\/uploads\/2020\/02\/GREENGUARD-1-768x768.png 768w\" sizes=\"auto, (max-width: 800px) 100vw, 800px\" \/>\t\t\t\t\t\t\t\t\t\t\t<\/div>\n\t\t\t\t<\/div>\n\t\t\t\t<\/div>\n\t\t\t\t\t\t<\/div>\n\t\t\t\t\t<\/div>\n\t\t<\/div>\n\t\t\t\t<div class=\"elementor-column elementor-col-66 elementor-inner-column elementor-element elementor-element-66ebfb3\" data-id=\"66ebfb3\" data-element_type=\"column\">\n\t\t\t<div class=\"elementor-column-wrap elementor-element-populated\">\n\t\t\t\t\t\t\t<div class=\"elementor-widget-wrap\">\n\t\t\t\t\t\t<div class=\"elementor-element elementor-element-604f89e elementor-widget elementor-widget-heading\" data-id=\"604f89e\" data-element_type=\"widget\" data-widget_type=\"heading.default\">\n\t\t\t\t<div class=\"elementor-widget-container\">\n\t\t\t<h2 class=\"elementor-heading-title elementor-size-default\">GREENGUARD GOLD<\/h2>\t\t<\/div>\n\t\t\t\t<\/div>\n\t\t\t\t<div class=\"elementor-element elementor-element-25013ad elementor-widget elementor-widget-text-editor\" data-id=\"25013ad\" data-element_type=\"widget\" data-widget_type=\"text-editor.default\">\n\t\t\t\t<div class=\"elementor-widget-container\">\n\t\t\t\t\t<div class=\"elementor-text-editor elementor-clearfix\"><p>Cette certification am\u00e9ricaine atteste la tr\u00e8s faible \u00e9mission de substances volatiles toxiques<br \/>dans l\u2019air int\u00e9rieur. Tests effectu\u00e9s sur plus d\u2019une centaine de substances. Ce label autorise<br \/>l\u2019utilisation des toiles EverGreen dans les lieux \u00e0 risques, comme les h\u00f4pitaux, \u00e9coles, cr\u00e8ches&#8230;<\/p><\/div>\n\t\t\t\t<\/div>\n\t\t\t\t<\/div>\n\t\t\t\t\t\t<\/div>\n\t\t\t\t\t<\/div>\n\t\t<\/div>\n\t\t\t\t\t\t\t\t<\/div>\n\t\t\t\t\t<\/div>\n\t\t<\/section>\n\t\t\t\t<section class=\"elementor-section elementor-inner-section elementor-element elementor-element-cf625e8 elementor-section-boxed elementor-section-height-default elementor-section-height-default\" data-id=\"cf625e8\" data-element_type=\"section\">\n\t\t\t\t\t\t<div class=\"elementor-container elementor-column-gap-default\">\n\t\t\t\t\t\t\t<div class=\"elementor-row\">\n\t\t\t\t\t<div class=\"elementor-column elementor-col-33 elementor-inner-column elementor-element elementor-element-ebfaad1\" data-id=\"ebfaad1\" data-element_type=\"column\">\n\t\t\t<div class=\"elementor-column-wrap elementor-element-populated\">\n\t\t\t\t\t\t\t<div class=\"elementor-widget-wrap\">\n\t\t\t\t\t\t<div class=\"elementor-element elementor-element-34c5902 elementor-widget elementor-widget-image\" data-id=\"34c5902\" data-element_type=\"widget\" data-widget_type=\"image.default\">\n\t\t\t\t<div class=\"elementor-widget-container\">\n\t\t\t\t\t<div class=\"elementor-image\">\n\t\t\t\t\t\t\t\t\t\t<img loading=\"lazy\" decoding=\"async\" width=\"480\" height=\"480\" src=\"https:\/\/www.evergreen-fabrics.com\/wp-content\/uploads\/2020\/02\/SAFETY-OF-TOYS-1.png\" class=\"attachment-full size-full\" alt=\"\" srcset=\"https:\/\/www.evergreen-fabrics.com\/wp-content\/uploads\/2020\/02\/SAFETY-OF-TOYS-1.png 480w, https:\/\/www.evergreen-fabrics.com\/wp-content\/uploads\/2020\/02\/SAFETY-OF-TOYS-1-300x300.png 300w, https:\/\/www.evergreen-fabrics.com\/wp-content\/uploads\/2020\/02\/SAFETY-OF-TOYS-1-150x150.png 150w\" sizes=\"auto, (max-width: 480px) 100vw, 480px\" \/>\t\t\t\t\t\t\t\t\t\t\t<\/div>\n\t\t\t\t<\/div>\n\t\t\t\t<\/div>\n\t\t\t\t\t\t<\/div>\n\t\t\t\t\t<\/div>\n\t\t<\/div>\n\t\t\t\t<div class=\"elementor-column elementor-col-66 elementor-inner-column elementor-element elementor-element-53a2fb1\" data-id=\"53a2fb1\" data-element_type=\"column\">\n\t\t\t<div class=\"elementor-column-wrap elementor-element-populated\">\n\t\t\t\t\t\t\t<div class=\"elementor-widget-wrap\">\n\t\t\t\t\t\t<div class=\"elementor-element elementor-element-7c13b83 elementor-widget elementor-widget-heading\" data-id=\"7c13b83\" data-element_type=\"widget\" data-widget_type=\"heading.default\">\n\t\t\t\t<div class=\"elementor-widget-container\">\n\t\t\t<h2 class=\"elementor-heading-title elementor-size-default\">NF EN 71-3<\/h2>\t\t<\/div>\n\t\t\t\t<\/div>\n\t\t\t\t<div class=\"elementor-element elementor-element-5c7c50e elementor-widget elementor-widget-text-editor\" data-id=\"5c7c50e\" data-element_type=\"widget\" data-widget_type=\"text-editor.default\">\n\t\t\t\t<div class=\"elementor-widget-container\">\n\t\t\t\t\t<div class=\"elementor-text-editor elementor-clearfix\"><p>Cette norme atteste la faible migration de substances dangereuses ce qui permet l\u2019utilisation des articles dans des lieux accueillant des enfants (cr\u00e8ches \/ \u00e9coles \/ h\u00f4pitaux &#8230;)<\/p><\/div>\n\t\t\t\t<\/div>\n\t\t\t\t<\/div>\n\t\t\t\t\t\t<\/div>\n\t\t\t\t\t<\/div>\n\t\t<\/div>\n\t\t\t\t\t\t\t\t<\/div>\n\t\t\t\t\t<\/div>\n\t\t<\/section>\n\t\t\t\t<section class=\"elementor-section elementor-inner-section elementor-element elementor-element-b073eb9 elementor-section-boxed elementor-section-height-default elementor-section-height-default\" data-id=\"b073eb9\" data-element_type=\"section\">\n\t\t\t\t\t\t<div class=\"elementor-container elementor-column-gap-default\">\n\t\t\t\t\t\t\t<div class=\"elementor-row\">\n\t\t\t\t\t<div class=\"elementor-column elementor-col-33 elementor-inner-column elementor-element elementor-element-092e478\" data-id=\"092e478\" data-element_type=\"column\">\n\t\t\t<div class=\"elementor-column-wrap elementor-element-populated\">\n\t\t\t\t\t\t\t<div class=\"elementor-widget-wrap\">\n\t\t\t\t\t\t<div class=\"elementor-element elementor-element-d68916d elementor-widget elementor-widget-image\" data-id=\"d68916d\" data-element_type=\"widget\" data-widget_type=\"image.default\">\n\t\t\t\t<div class=\"elementor-widget-container\">\n\t\t\t\t\t<div class=\"elementor-image\">\n\t\t\t\t\t\t\t\t\t\t<img loading=\"lazy\" decoding=\"async\" width=\"800\" height=\"800\" src=\"https:\/\/www.evergreen-fabrics.com\/wp-content\/uploads\/2020\/02\/A-1.png\" class=\"attachment-full size-full\" alt=\"\" srcset=\"https:\/\/www.evergreen-fabrics.com\/wp-content\/uploads\/2020\/02\/A-1.png 800w, https:\/\/www.evergreen-fabrics.com\/wp-content\/uploads\/2020\/02\/A-1-300x300.png 300w, https:\/\/www.evergreen-fabrics.com\/wp-content\/uploads\/2020\/02\/A-1-150x150.png 150w, https:\/\/www.evergreen-fabrics.com\/wp-content\/uploads\/2020\/02\/A-1-768x768.png 768w\" sizes=\"auto, (max-width: 800px) 100vw, 800px\" \/>\t\t\t\t\t\t\t\t\t\t\t<\/div>\n\t\t\t\t<\/div>\n\t\t\t\t<\/div>\n\t\t\t\t\t\t<\/div>\n\t\t\t\t\t<\/div>\n\t\t<\/div>\n\t\t\t\t<div class=\"elementor-column elementor-col-66 elementor-inner-column elementor-element elementor-element-2d61b7e\" data-id=\"2d61b7e\" data-element_type=\"column\">\n\t\t\t<div class=\"elementor-column-wrap elementor-element-populated\">\n\t\t\t\t\t\t\t<div class=\"elementor-widget-wrap\">\n\t\t\t\t\t\t<div class=\"elementor-element elementor-element-dc48b44 elementor-widget elementor-widget-heading\" data-id=\"dc48b44\" data-element_type=\"widget\" data-widget_type=\"heading.default\">\n\t\t\t\t<div class=\"elementor-widget-container\">\n\t\t\t<h2 class=\"elementor-heading-title elementor-size-default\">EMISSIONS DANS L'AIR<\/h2>\t\t<\/div>\n\t\t\t\t<\/div>\n\t\t\t\t<div class=\"elementor-element elementor-element-f7d30e0 elementor-widget elementor-widget-text-editor\" data-id=\"f7d30e0\" data-element_type=\"widget\" data-widget_type=\"text-editor.default\">\n\t\t\t\t<div class=\"elementor-widget-container\">\n\t\t\t\t\t<div class=\"elementor-text-editor elementor-clearfix\"><p>Ce label qui r\u00e9pond aux exigences relatives \u00e0 l\u2019\u00e9tiquetage des produits de construction ou rev\u00eatement mural vous informe sur le niveau d\u2019\u00e9mission de substances volatiles toxiques dans l\u2019air int\u00e9rieur sur une \u00e9chelle de classe allant de A+ (tr\u00e8s faibles \u00e9missions) \u00e0 C (fortes \u00e9missions).<\/p><\/div>\n\t\t\t\t<\/div>\n\t\t\t\t<\/div>\n\t\t\t\t\t\t<\/div>\n\t\t\t\t\t<\/div>\n\t\t<\/div>\n\t\t\t\t\t\t\t\t<\/div>\n\t\t\t\t\t<\/div>\n\t\t<\/section>\n\t\t\t\t<section class=\"elementor-section elementor-inner-section elementor-element elementor-element-009c98b elementor-section-boxed elementor-section-height-default elementor-section-height-default\" data-id=\"009c98b\" data-element_type=\"section\">\n\t\t\t\t\t\t<div class=\"elementor-container elementor-column-gap-default\">\n\t\t\t\t\t\t\t<div class=\"elementor-row\">\n\t\t\t\t\t<div class=\"elementor-column elementor-col-33 elementor-inner-column elementor-element elementor-element-cab5c52\" data-id=\"cab5c52\" data-element_type=\"column\">\n\t\t\t<div class=\"elementor-column-wrap elementor-element-populated\">\n\t\t\t\t\t\t\t<div class=\"elementor-widget-wrap\">\n\t\t\t\t\t\t<div class=\"elementor-element elementor-element-106073b elementor-widget elementor-widget-image\" data-id=\"106073b\" data-element_type=\"widget\" data-widget_type=\"image.default\">\n\t\t\t\t<div class=\"elementor-widget-container\">\n\t\t\t\t\t<div class=\"elementor-image\">\n\t\t\t\t\t\t\t\t\t\t<img loading=\"lazy\" decoding=\"async\" width=\"241\" height=\"241\" src=\"https:\/\/www.evergreen-fabrics.com\/wp-content\/uploads\/2021\/04\/ignifuge.png\" class=\"attachment-full size-full\" alt=\"\" srcset=\"https:\/\/www.evergreen-fabrics.com\/wp-content\/uploads\/2021\/04\/ignifuge.png 241w, https:\/\/www.evergreen-fabrics.com\/wp-content\/uploads\/2021\/04\/ignifuge-150x150.png 150w\" sizes=\"auto, (max-width: 241px) 100vw, 241px\" \/>\t\t\t\t\t\t\t\t\t\t\t<\/div>\n\t\t\t\t<\/div>\n\t\t\t\t<\/div>\n\t\t\t\t\t\t<\/div>\n\t\t\t\t\t<\/div>\n\t\t<\/div>\n\t\t\t\t<div class=\"elementor-column elementor-col-66 elementor-inner-column elementor-element elementor-element-0181e1b\" data-id=\"0181e1b\" data-element_type=\"column\">\n\t\t\t<div class=\"elementor-column-wrap elementor-element-populated\">\n\t\t\t\t\t\t\t<div class=\"elementor-widget-wrap\">\n\t\t\t\t\t\t<div class=\"elementor-element elementor-element-817eab2 elementor-widget elementor-widget-heading\" data-id=\"817eab2\" data-element_type=\"widget\" data-widget_type=\"heading.default\">\n\t\t\t\t<div class=\"elementor-widget-container\">\n\t\t\t<h2 class=\"elementor-heading-title elementor-size-default\">IGNIFUGATION<\/h2>\t\t<\/div>\n\t\t\t\t<\/div>\n\t\t\t\t<div class=\"elementor-element elementor-element-9281662 elementor-widget elementor-widget-text-editor\" data-id=\"9281662\" data-element_type=\"widget\" data-widget_type=\"text-editor.default\">\n\t\t\t\t<div class=\"elementor-widget-container\">\n\t\t\t\t\t<div class=\"elementor-text-editor elementor-clearfix\"><p class=\"MsoNormal\">Les textiles EverGreen satisfont les normes de s\u00e9curit\u00e9 incendie les plus exigeantes pour les lieux accueillant du public\u00a0:<\/p><p>\u00a0<\/p><ul style=\"margin-top: 0cm;\" type=\"disc\"><li class=\"MsoListParagraph\" style=\"margin-left: 18.0pt; mso-list: l0 level1 lfo1;\">Europe\u00a0: normes Euroclass (B s1 d0 \/ B s2 d0)<\/li><li class=\"MsoListParagraph\" style=\"margin-left: 18.0pt; mso-list: l0 level1 lfo1;\">France\u00a0: M1<\/li><li class=\"MsoListParagraph\" style=\"margin-left: 18.0pt; mso-list: l0 level1 lfo1;\">Allemagne\u00a0: B1<\/li><li class=\"MsoListParagraph\" style=\"margin-left: 18.0pt; mso-list: l0 level1 lfo1;\">Etats Unis\u00a0: NFPA 701 \u2013 ASTM E84<\/li><\/ul><\/div>\n\t\t\t\t<\/div>\n\t\t\t\t<\/div>\n\t\t\t\t\t\t<\/div>\n\t\t\t\t\t<\/div>\n\t\t<\/div>\n\t\t\t\t\t\t\t\t<\/div>\n\t\t\t\t\t<\/div>\n\t\t<\/section>\n\t\t\t\t\t\t<\/div>\n\t\t\t\t\t<\/div>\n\t\t<\/div>\n\t\t\t\t\t\t\t\t<\/div>\n\t\t\t\t\t<\/div>\n\t\t<\/section>\n\t\t\t\t\t\t<\/div>\n\t\t\t\t\t\t<\/div>\n\t\t\t\t\t<\/div>\n\t\t","protected":false},"excerpt":{"rendered":"<p>FABRIQUE EN FRANCE La fabrication de ces produits est totalement r\u00e9alis\u00e9e en France, plus pr\u00e9cis\u00e9menten Is\u00e8re. C\u2019est la garantie d\u2019une production contr\u00f4l\u00e9e et juste, aussi bien en termede conditions de travail du personnel, de la qualit\u00e9 du produit, que des conditionsenvironnementales. EVERGREEN COLLECTION | PVC FREE | VOC FREE Les textiles EverGreen ne lib\u00e8rent aucun &#8230; <a title=\"Nos certifications\" class=\"read-more\" href=\"https:\/\/www.evergreen-fabrics.com\/fr\/nos-certifications\/\" aria-label=\"More on Nos certifications\">Lire plus<\/a><\/p>\n","protected":false},"author":4,"featured_media":0,"parent":0,"menu_order":0,"comment_status":"closed","ping_status":"closed","template":"elementor_header_footer","meta":{"footnotes":""},"class_list":["post-2381","page","type-page","status-publish"],"yoast_head":"<!-- This site is optimized with the Yoast SEO plugin v14.9 - https:\/\/yoast.com\/wordpress\/plugins\/seo\/ -->\n<title>Nos certifications - Evergreen Fabrics<\/title>\n<meta name=\"robots\" content=\"index, follow, max-snippet:-1, max-image-preview:large, max-video-preview:-1\" \/>\n<link rel=\"canonical\" href=\"https:\/\/www.evergreen-fabrics.com\/our-certifications\/\" \/>\n<meta property=\"og:locale\" content=\"fr_FR\" \/>\n<meta property=\"og:type\" content=\"article\" \/>\n<meta property=\"og:title\" content=\"Nos certifications - Evergreen Fabrics\" \/>\n<meta property=\"og:description\" content=\"FABRIQUE EN FRANCE La fabrication de ces produits est totalement r\u00e9alis\u00e9e en France, plus pr\u00e9cis\u00e9menten Is\u00e8re. C\u2019est la garantie d\u2019une production contr\u00f4l\u00e9e et juste, aussi bien en termede conditions de travail du personnel, de la qualit\u00e9 du produit, que des conditionsenvironnementales. EVERGREEN COLLECTION | PVC FREE | VOC FREE Les textiles EverGreen ne lib\u00e8rent aucun ... Lire plus\" \/>\n<meta property=\"og:url\" content=\"https:\/\/www.evergreen-fabrics.com\/our-certifications\/\" \/>\n<meta property=\"og:site_name\" content=\"Evergreen Fabrics\" \/>\n<meta property=\"article:modified_time\" content=\"2025-12-16T10:35:05+00:00\" \/>\n<meta property=\"og:image\" content=\"https:\/\/www.evergreen-fabrics.com\/wp-content\/uploads\/2020\/02\/MADE-IN-FRANCE-1.png\" \/>\n<meta name=\"twitter:card\" content=\"summary_large_image\" \/>\n<script type=\"application\/ld+json\" class=\"yoast-schema-graph\">{\"@context\":\"https:\/\/schema.org\",\"@graph\":[{\"@type\":\"WebSite\",\"@id\":\"https:\/\/www.evergreen-fabrics.com\/fr\/#website\",\"url\":\"https:\/\/www.evergreen-fabrics.com\/fr\/\",\"name\":\"Evergreen Fabrics\",\"description\":\"Eco-friendly fabrics for advertising and decoration\",\"potentialAction\":[{\"@type\":\"SearchAction\",\"target\":\"https:\/\/www.evergreen-fabrics.com\/fr\/?s={search_term_string}\",\"query-input\":\"required name=search_term_string\"}],\"inLanguage\":\"fr-FR\"},{\"@type\":\"ImageObject\",\"@id\":\"https:\/\/www.evergreen-fabrics.com\/our-certifications\/#primaryimage\",\"inLanguage\":\"fr-FR\",\"url\":\"https:\/\/www.evergreen-fabrics.com\/wp-content\/uploads\/2020\/02\/MADE-IN-FRANCE-1.png\",\"width\":480,\"height\":480},{\"@type\":\"WebPage\",\"@id\":\"https:\/\/www.evergreen-fabrics.com\/our-certifications\/#webpage\",\"url\":\"https:\/\/www.evergreen-fabrics.com\/our-certifications\/\",\"name\":\"Nos certifications - Evergreen Fabrics\",\"isPartOf\":{\"@id\":\"https:\/\/www.evergreen-fabrics.com\/fr\/#website\"},\"primaryImageOfPage\":{\"@id\":\"https:\/\/www.evergreen-fabrics.com\/our-certifications\/#primaryimage\"},\"datePublished\":\"2021-03-23T07:59:08+00:00\",\"dateModified\":\"2025-12-16T10:35:05+00:00\",\"inLanguage\":\"fr-FR\",\"potentialAction\":[{\"@type\":\"ReadAction\",\"target\":[\"https:\/\/www.evergreen-fabrics.com\/our-certifications\/\"]}]}]}<\/script>\n<!-- \/ Yoast SEO plugin. -->","_links":{"self":[{"href":"https:\/\/www.evergreen-fabrics.com\/fr\/wp-json\/wp\/v2\/pages\/2381","targetHints":{"allow":["GET"]}}],"collection":[{"href":"https:\/\/www.evergreen-fabrics.com\/fr\/wp-json\/wp\/v2\/pages"}],"about":[{"href":"https:\/\/www.evergreen-fabrics.com\/fr\/wp-json\/wp\/v2\/types\/page"}],"author":[{"embeddable":true,"href":"https:\/\/www.evergreen-fabrics.com\/fr\/wp-json\/wp\/v2\/users\/4"}],"replies":[{"embeddable":true,"href":"https:\/\/www.evergreen-fabrics.com\/fr\/wp-json\/wp\/v2\/comments?post=2381"}],"version-history":[{"count":7,"href":"https:\/\/www.evergreen-fabrics.com\/fr\/wp-json\/wp\/v2\/pages\/2381\/revisions"}],"predecessor-version":[{"id":3294,"href":"https:\/\/www.evergreen-fabrics.com\/fr\/wp-json\/wp\/v2\/pages\/2381\/revisions\/3294"}],"wp:attachment":[{"href":"https:\/\/www.evergreen-fabrics.com\/fr\/wp-json\/wp\/v2\/media?parent=2381"}],"curies":[{"name":"wp","href":"https:\/\/api.w.org\/{rel}","templated":true}]}}