{"id":2427,"date":"2021-03-23T09:01:48","date_gmt":"2021-03-23T09:01:48","guid":{"rendered":"http:\/\/test.evergreen-fabrics.com\/?page_id=2427"},"modified":"2021-03-23T09:06:42","modified_gmt":"2021-03-23T09:06:42","slug":"mentions-legales","status":"publish","type":"page","link":"https:\/\/www.evergreen-fabrics.com\/fr\/mentions-legales\/","title":{"rendered":"Mentions l\u00e9gales"},"content":{"rendered":"\t\t<div data-elementor-type=\"wp-page\" data-elementor-id=\"2427\" class=\"elementor elementor-2427 elementor-1776\" data-elementor-settings=\"[]\">\n\t\t\t\t\t\t<div class=\"elementor-inner\">\n\t\t\t\t\t\t\t<div class=\"elementor-section-wrap\">\n\t\t\t\t\t\t\t<section class=\"elementor-section elementor-top-section elementor-element elementor-element-769009b elementor-section-boxed elementor-section-height-default elementor-section-height-default\" data-id=\"769009b\" data-element_type=\"section\">\n\t\t\t\t\t\t<div class=\"elementor-container elementor-column-gap-default\">\n\t\t\t\t\t\t\t<div class=\"elementor-row\">\n\t\t\t\t\t<div class=\"elementor-column elementor-col-100 elementor-top-column elementor-element elementor-element-b3e98b0\" data-id=\"b3e98b0\" data-element_type=\"column\">\n\t\t\t<div class=\"elementor-column-wrap elementor-element-populated\">\n\t\t\t\t\t\t\t<div class=\"elementor-widget-wrap\">\n\t\t\t\t\t\t<div class=\"elementor-element elementor-element-1ba925b elementor-widget elementor-widget-heading\" data-id=\"1ba925b\" data-element_type=\"widget\" data-widget_type=\"heading.default\">\n\t\t\t\t<div class=\"elementor-widget-container\">\n\t\t\t<h2 class=\"elementor-heading-title elementor-size-default\">MENTIONS LEGALES<\/h2>\t\t<\/div>\n\t\t\t\t<\/div>\n\t\t\t\t\t\t<\/div>\n\t\t\t\t\t<\/div>\n\t\t<\/div>\n\t\t\t\t\t\t\t\t<\/div>\n\t\t\t\t\t<\/div>\n\t\t<\/section>\n\t\t\t\t<section class=\"elementor-section elementor-top-section elementor-element elementor-element-39cbb3e elementor-section-boxed elementor-section-height-default elementor-section-height-default\" data-id=\"39cbb3e\" data-element_type=\"section\">\n\t\t\t\t\t\t<div class=\"elementor-container elementor-column-gap-default\">\n\t\t\t\t\t\t\t<div class=\"elementor-row\">\n\t\t\t\t\t<div class=\"elementor-column elementor-col-100 elementor-top-column elementor-element elementor-element-137e0fa\" data-id=\"137e0fa\" data-element_type=\"column\">\n\t\t\t<div class=\"elementor-column-wrap elementor-element-populated\">\n\t\t\t\t\t\t\t<div class=\"elementor-widget-wrap\">\n\t\t\t\t\t\t<div class=\"elementor-element elementor-element-91db9d7 elementor-widget elementor-widget-text-editor\" data-id=\"91db9d7\" data-element_type=\"widget\" data-widget_type=\"text-editor.default\">\n\t\t\t\t<div class=\"elementor-widget-container\">\n\t\t\t\t\t<div class=\"elementor-text-editor elementor-clearfix\"><header>\n<h2>LES MENTIONS L\u00c9GALES POUVANT \u00caTRE MODIFI\u00c9ES \u00c0 TOUT MOMENT ET SANS PR\u00c9AVIS, L\u2019UTILISATEUR EST INVIT\u00c9 \u00c0 LES CONSULTER R\u00c9GULI\u00c8REMENT.<\/h2>\n<\/header>\n<div>\n<p><strong>1. IDENTIFICATION DU SITE<\/strong><\/p>\n<p>Adresse internet : http:\/\/evergreen-fabrics.com<br>\u00c9diteur : Saint Clair Textiles, SAS au capital de 7 680 000 \u20ac \u2013 381 424 712 RCS Vienne<br>Adresse : 415 avenue de Savoie, F-38110 Saint-Clair-de-la-Tour<br>T\u00e9l. : +33 (0)4 74 83 51 00<br>Directeur de la publication : Xavier CHRISTOPHE<br>Responsable de r\u00e9daction : Fabien REGUDY<br>Conception et r\u00e9alisation du site :&nbsp;<a href=\"https:\/\/twinfishdesign.com\/\" style=\"background-color: rgb(239, 239, 239);\">Twinfishdesign.com<\/a><br>H\u00e9bergeur : ovh.com \u2013 2 rue Kellermann \u2013 59100 Roubaix \u2013 France<\/p>\n<p><strong>2. CONDITIONS G\u00c9N\u00c9RALES D\u2019UTILISATION DU SITE<\/strong><\/p>\n<p>Le site de Saint Clair Textiles &#8211; EverGreen Fabrics http:\/\/evergreen-fabrics.com est ci-apr\u00e8s d\u00e9nomm\u00e9 : \u00ab&nbsp;le Site&nbsp;\u00bb.<\/p>\n<p>L\u2019internaute se connectant sur le Site est ci-apr\u00e8s d\u00e9nomm\u00e9 : \u00ab l\u2019utilisateur \u00bb.<\/p>\n<p>Le site est accessible \u00e0 tout moment, \u00e0 l\u2019exception des cas de force majeure, difficult\u00e9s informatiques, difficult\u00e9s li\u00e9es aux r\u00e9seaux de t\u00e9l\u00e9communication ou difficult\u00e9s techniques.<\/p>\n<p>Saint Clair Textiles pourra interrompre l\u2019acc\u00e8s au Site pour des raisons de maintenance et s\u2019efforcera de communiquer pr\u00e9alablement aux utilisateurs les dates et heures d\u2019intervention.<\/p>\n<p>Pour acc\u00e9der au Site dans les meilleures conditions, il est conseill\u00e9 d\u2019utiliser un mat\u00e9riel r\u00e9cent, avec un navigateur de derni\u00e8re g\u00e9n\u00e9ration mis \u00e0 jour.<\/p>\n<p><strong>3. DONN\u00c9ES A CARACT\u00c8RE PERSONNEL<\/strong><\/p>\n<p>L\u2019utilisateur a la possibilit\u00e9 de transmettre des donn\u00e9es personnelles \u00e0 travers l\u2019utilisation du formulaire propos\u00e9 dans la rubrique Contact du Site, et d\u2019ajouter des commentaires et\/ou demandes dans la zone de texte pr\u00e9vue \u00e0 cet effet.<\/p>\n<p>Les informations nominatives ainsi collect\u00e9es sont destin\u00e9es \u00e0 Saint Clair Textiles. Elles ne sont utilis\u00e9es qu\u2019aux fins des services propos\u00e9s sur le Site et ne font l\u2019objet d\u2019aucune utilisation commerciale. Elles ne sont pas conserv\u00e9es.<\/p>\n<p>Conform\u00e9ment \u00e0 la loi \u00ab&nbsp;Informatique et Libert\u00e9s&nbsp;\u00bb du 6 janvier 1978 modifi\u00e9e, l\u2019utilisateur du Site dispose d\u2019un droit d\u2019acc\u00e8s, de modification, de rectification et de suppression des donn\u00e9es le concernant. Pour cela, il lui suffit d\u2019en faire la demande par courrier postal mentionnant son adresse et accompagn\u00e9 d\u2019un justificatif d\u2019identit\u00e9, adress\u00e9 \u00e0 Saint Clair Textiles \u2013 415 avenue de Savoie F-38110 Saint-Clair-de-la-Tour<\/p>\n<p>L\u2019utilisateur est inform\u00e9 qu\u2019un mod\u00e9rateur est susceptible de supprimer toute contribution qui ne serait pas en relation avec l\u2019objet de la rubrique ou la ligne \u00e9ditoriale du Site, ou qui serait contraire \u00e0 la loi.<\/p>\n<p><strong>4. COOKIES<\/strong><\/p>\n<p>Un cookie est un fichier de petite taille, qui ne permet pas l\u2019identification de l\u2019utilisateur, mais qui enregistre des informations relatives \u00e0 la navigation d\u2019un ordinateur sur un site. Les donn\u00e9es ainsi obtenues visent \u00e0 faciliter la navigation ult\u00e9rieure sur le site et \u00e0 permettre diverses mesures de fr\u00e9quentation. La dur\u00e9e de conservation de ces informations est au maximum de deux ans. L\u2019utilisateur peut s\u2019opposer \u00e0 l\u2019enregistrement de cookies en configurant son navigateur. Le refus d\u2019installation d\u2019un cookie peut toutefois entra\u00eener l\u2019impossibilit\u00e9 d\u2019acc\u00e9der \u00e0 certains services.<\/p>\n<p><strong>5. PROPRI\u00c9T\u00c9 INTELLECTUELLE<\/strong><\/p>\n<p>Le Site appartient et est exploit\u00e9 par Saint Clair Textiles. Tous les \u00e9l\u00e9ments composant le Site, y incluant les textes, sons, images, logiciels, marques, logos, noms de domaine et autres signes distinctifs apparaissant sur le Site, sont prot\u00e9g\u00e9s par la l\u00e9gislation en vigueur sur la propri\u00e9t\u00e9 intellectuelle et le droit d\u2019auteur, et appartiennent \u00e0 Saint Clair Textiles ou font l\u2019objet d\u2019une autorisation d\u2019utilisation.<\/p>\n<p>Les photos et visuels du Site sont issues de la banque d\u2019images de Saint Clair Textiles ou font l\u2019objet d\u2019une autorisation d\u2019utilisation. Tous les droits de reproduction sont r\u00e9serv\u00e9s, sauf autorisation pr\u00e9alable expresse de Saint Clair Textiles.<\/p>\n<p>Toute exploitation non autoris\u00e9e du site ou de son contenu engagerait la responsabilit\u00e9 du contrevenant et constituerait une contrefa\u00e7on sanctionn\u00e9e par les articles L.335-2 et suivants du Code de la Propri\u00e9t\u00e9 Intellectuelle.<\/p>\n<p><strong>6. LIENS HYPERTEXTES<\/strong><\/p>\n<p>Le Site peut contenir des liens hypertextes vers d\u2019autres sites dont Saint Clair Textiles n\u2019est pas l\u2019\u00e9diteur. L\u2019utilisateur du Site est inform\u00e9 et accepte que Saint Clair Textiles n\u2019est pas responsable de l\u2019indisponibilit\u00e9 de tels sites et que Saint Clair Textiles n\u2019examine, ne contr\u00f4le, n\u2019approuve ni n\u2019est responsable des contenus, publicit\u00e9s, produits ou autres \u00e9l\u00e9ments disponibles sur ou via ces sites. En cons\u00e9quence, l\u2019utilisation d\u2019un lien pointant vers un autre site est faite sous la seule responsabilit\u00e9 de l\u2019utilisateur.<\/p>\n<p><strong>7. LIMITATIONS DE RESPONSABILIT\u00c9S<\/strong><\/p>\n<p>Saint Clair Textiles met tout en \u0153uvre pour diffuser des informations exactes et mises \u00e0 jour, mais ne peut cependant garantir l\u2019exactitude, la compl\u00e9tude, l\u2019actualit\u00e9 des informations diffus\u00e9es sur le Site. L\u2019utilisateur reconnait utiliser ces informations sous sa responsabilit\u00e9.<\/p>\n<p>Saint Clair Textiles ne peut \u00eatre tenu responsable :<\/p>\n<ul>\n<li>des erreurs ou omissions des informations diffus\u00e9es sur le site,<\/li>\n<li>des dommages directs ou indirects, mat\u00e9riels ou immat\u00e9riels, qui pourraient r\u00e9sulter de l\u2019acc\u00e8s ou de l\u2019utilisation du Site, y compris l\u2019accessibilit\u00e9, les pertes de donn\u00e9es, d\u00e9t\u00e9rioration, destruction ou virus qui pourraient affecter l\u2019\u00e9quipement informatique de l\u2019utilisateur,<\/li>\n<li>de la pr\u00e9sence de virus sur le Site.<\/li>\n<\/ul>\n<p><strong>8. DROIT APPLICABLE ET ATTRIBUTION DE COMP\u00c9TENCE<\/strong><\/p>\n<p>Le Site et son contenu sont r\u00e9gis par le droit fran\u00e7ais. Tout litige sera de la comp\u00e9tence exclusive des tribunaux du si\u00e8ge de Saint Clair Textiles.<\/p>\n<\/div><\/div>\n\t\t\t\t<\/div>\n\t\t\t\t<\/div>\n\t\t\t\t\t\t<\/div>\n\t\t\t\t\t<\/div>\n\t\t<\/div>\n\t\t\t\t\t\t\t\t<\/div>\n\t\t\t\t\t<\/div>\n\t\t<\/section>\n\t\t\t\t\t\t<\/div>\n\t\t\t\t\t\t<\/div>\n\t\t\t\t\t<\/div>\n\t\t","protected":false},"excerpt":{"rendered":"<p>MENTIONS LEGALES LES MENTIONS L\u00c9GALES POUVANT \u00caTRE MODIFI\u00c9ES \u00c0 TOUT MOMENT ET SANS PR\u00c9AVIS, L\u2019UTILISATEUR EST INVIT\u00c9 \u00c0 LES CONSULTER R\u00c9GULI\u00c8REMENT. 1. IDENTIFICATION DU SITE Adresse internet : http:\/\/evergreen-fabrics.com\u00c9diteur : Saint Clair Textiles, SAS au capital de 7 680 000 \u20ac \u2013 381 424 712 RCS VienneAdresse : 415 avenue de Savoie, F-38110 Saint-Clair-de-la-TourT\u00e9l. : &#8230; <a title=\"Mentions l\u00e9gales\" class=\"read-more\" href=\"https:\/\/www.evergreen-fabrics.com\/fr\/mentions-legales\/\" aria-label=\"More on Mentions l\u00e9gales\">Lire plus<\/a><\/p>\n","protected":false},"author":4,"featured_media":0,"parent":0,"menu_order":0,"comment_status":"closed","ping_status":"closed","template":"elementor_header_footer","meta":{"footnotes":""},"class_list":["post-2427","page","type-page","status-publish"],"yoast_head":"<!-- This site is optimized with the Yoast SEO plugin v14.9 - https:\/\/yoast.com\/wordpress\/plugins\/seo\/ -->\n<title>Mentions l\u00e9gales - Evergreen Fabrics<\/title>\n<meta name=\"robots\" content=\"index, follow, max-snippet:-1, max-image-preview:large, max-video-preview:-1\" \/>\n<link rel=\"canonical\" href=\"http:\/\/test.evergreen-fabrics.com\/fr\/mentions-legales\/\" \/>\n<meta property=\"og:locale\" content=\"fr_FR\" \/>\n<meta property=\"og:type\" content=\"article\" \/>\n<meta property=\"og:title\" content=\"Mentions l\u00e9gales - Evergreen Fabrics\" \/>\n<meta property=\"og:description\" content=\"MENTIONS LEGALES LES MENTIONS L\u00c9GALES POUVANT \u00caTRE MODIFI\u00c9ES \u00c0 TOUT MOMENT ET SANS PR\u00c9AVIS, L\u2019UTILISATEUR EST INVIT\u00c9 \u00c0 LES CONSULTER R\u00c9GULI\u00c8REMENT. 1. IDENTIFICATION DU SITE Adresse internet : http:\/\/evergreen-fabrics.com\u00c9diteur : Saint Clair Textiles, SAS au capital de 7 680 000 \u20ac \u2013 381 424 712 RCS VienneAdresse : 415 avenue de Savoie, F-38110 Saint-Clair-de-la-TourT\u00e9l. : ... Lire plus\" \/>\n<meta property=\"og:url\" content=\"http:\/\/test.evergreen-fabrics.com\/fr\/mentions-legales\/\" \/>\n<meta property=\"og:site_name\" content=\"Evergreen Fabrics\" \/>\n<meta property=\"article:modified_time\" content=\"2021-03-23T09:06:42+00:00\" \/>\n<meta name=\"twitter:card\" content=\"summary_large_image\" \/>\n<script type=\"application\/ld+json\" class=\"yoast-schema-graph\">{\"@context\":\"https:\/\/schema.org\",\"@graph\":[{\"@type\":\"WebSite\",\"@id\":\"https:\/\/www.evergreen-fabrics.com\/fr\/#website\",\"url\":\"https:\/\/www.evergreen-fabrics.com\/fr\/\",\"name\":\"Evergreen Fabrics\",\"description\":\"Eco-friendly fabrics for advertising and decoration\",\"potentialAction\":[{\"@type\":\"SearchAction\",\"target\":\"https:\/\/www.evergreen-fabrics.com\/fr\/?s={search_term_string}\",\"query-input\":\"required name=search_term_string\"}],\"inLanguage\":\"fr-FR\"},{\"@type\":\"WebPage\",\"@id\":\"http:\/\/test.evergreen-fabrics.com\/fr\/mentions-legales\/#webpage\",\"url\":\"http:\/\/test.evergreen-fabrics.com\/fr\/mentions-legales\/\",\"name\":\"Mentions l\\u00e9gales - Evergreen Fabrics\",\"isPartOf\":{\"@id\":\"https:\/\/www.evergreen-fabrics.com\/fr\/#website\"},\"datePublished\":\"2021-03-23T09:01:48+00:00\",\"dateModified\":\"2021-03-23T09:06:42+00:00\",\"inLanguage\":\"fr-FR\",\"potentialAction\":[{\"@type\":\"ReadAction\",\"target\":[\"http:\/\/test.evergreen-fabrics.com\/fr\/mentions-legales\/\"]}]}]}<\/script>\n<!-- \/ Yoast SEO plugin. -->","_links":{"self":[{"href":"https:\/\/www.evergreen-fabrics.com\/fr\/wp-json\/wp\/v2\/pages\/2427","targetHints":{"allow":["GET"]}}],"collection":[{"href":"https:\/\/www.evergreen-fabrics.com\/fr\/wp-json\/wp\/v2\/pages"}],"about":[{"href":"https:\/\/www.evergreen-fabrics.com\/fr\/wp-json\/wp\/v2\/types\/page"}],"author":[{"embeddable":true,"href":"https:\/\/www.evergreen-fabrics.com\/fr\/wp-json\/wp\/v2\/users\/4"}],"replies":[{"embeddable":true,"href":"https:\/\/www.evergreen-fabrics.com\/fr\/wp-json\/wp\/v2\/comments?post=2427"}],"version-history":[{"count":2,"href":"https:\/\/www.evergreen-fabrics.com\/fr\/wp-json\/wp\/v2\/pages\/2427\/revisions"}],"predecessor-version":[{"id":2429,"href":"https:\/\/www.evergreen-fabrics.com\/fr\/wp-json\/wp\/v2\/pages\/2427\/revisions\/2429"}],"wp:attachment":[{"href":"https:\/\/www.evergreen-fabrics.com\/fr\/wp-json\/wp\/v2\/media?parent=2427"}],"curies":[{"name":"wp","href":"https:\/\/api.w.org\/{rel}","templated":true}]}}