{"id":2626,"date":"2021-03-29T09:55:17","date_gmt":"2021-03-29T08:55:17","guid":{"rendered":"http:\/\/test.evergreen-fabrics.com\/?page_id=2626"},"modified":"2021-04-01T15:22:44","modified_gmt":"2021-04-01T14:22:44","slug":"charte-de-protection-des-donnees","status":"publish","type":"page","link":"https:\/\/www.evergreen-fabrics.com\/fr\/charte-de-protection-des-donnees\/","title":{"rendered":"CHARTE DE PROTECTION DES DONN\u00c9ES"},"content":{"rendered":"\t\t<div data-elementor-type=\"wp-page\" data-elementor-id=\"2626\" class=\"elementor elementor-2626 elementor-2621\" data-elementor-settings=\"[]\">\n\t\t\t\t\t\t<div class=\"elementor-inner\">\n\t\t\t\t\t\t\t<div class=\"elementor-section-wrap\">\n\t\t\t\t\t\t\t<section class=\"elementor-section elementor-top-section elementor-element elementor-element-10565ed elementor-section-boxed elementor-section-height-default elementor-section-height-default\" data-id=\"10565ed\" data-element_type=\"section\">\n\t\t\t\t\t\t<div class=\"elementor-container elementor-column-gap-default\">\n\t\t\t\t\t\t\t<div class=\"elementor-row\">\n\t\t\t\t\t<div class=\"elementor-column elementor-col-100 elementor-top-column elementor-element elementor-element-088b3ef\" data-id=\"088b3ef\" data-element_type=\"column\">\n\t\t\t<div class=\"elementor-column-wrap elementor-element-populated\">\n\t\t\t\t\t\t\t<div class=\"elementor-widget-wrap\">\n\t\t\t\t\t\t<div class=\"elementor-element elementor-element-a175937 elementor-widget elementor-widget-heading\" data-id=\"a175937\" data-element_type=\"widget\" data-widget_type=\"heading.default\">\n\t\t\t\t<div class=\"elementor-widget-container\">\n\t\t\t<h2 class=\"elementor-heading-title elementor-size-default\">Charte de protection des donn\u00e9es<\/h2>\t\t<\/div>\n\t\t\t\t<\/div>\n\t\t\t\t\t\t<\/div>\n\t\t\t\t\t<\/div>\n\t\t<\/div>\n\t\t\t\t\t\t\t\t<\/div>\n\t\t\t\t\t<\/div>\n\t\t<\/section>\n\t\t\t\t<section class=\"elementor-section elementor-top-section elementor-element elementor-element-c346ec0 elementor-section-boxed elementor-section-height-default elementor-section-height-default\" data-id=\"c346ec0\" data-element_type=\"section\">\n\t\t\t\t\t\t<div class=\"elementor-container elementor-column-gap-default\">\n\t\t\t\t\t\t\t<div class=\"elementor-row\">\n\t\t\t\t\t<div class=\"elementor-column elementor-col-100 elementor-top-column elementor-element elementor-element-cf2cacd\" data-id=\"cf2cacd\" data-element_type=\"column\">\n\t\t\t<div class=\"elementor-column-wrap elementor-element-populated\">\n\t\t\t\t\t\t\t<div class=\"elementor-widget-wrap\">\n\t\t\t\t\t\t<div class=\"elementor-element elementor-element-ae4e2b4 elementor-widget elementor-widget-text-editor\" data-id=\"ae4e2b4\" data-element_type=\"widget\" data-widget_type=\"text-editor.default\">\n\t\t\t\t<div class=\"elementor-widget-container\">\n\t\t\t\t\t<div class=\"elementor-text-editor elementor-clearfix\"><header class=\"entry-header\"><div class=\"wrap\"><p>La protection des donn\u00e9es personnelles de ses clients est une priorit\u00e9 absolue au sein de Saint Clair Textiles. De tout temps nous avons veill\u00e9 \u00e0 respecter les lois en la mati\u00e8re notamment la loi n\u00b0 78-17 du 6 janvier 1978 relative \u00e0 l\u2019informatique, aux fichiers et aux libert\u00e9s, modifi\u00e9e par le R\u00e8glement europ\u00e9en 2016\/679 du 27 avril 2016 relatif \u00e0 la protection des donn\u00e9es \u00e0 caract\u00e8re personnel (ci-apr\u00e8s \u00ab RGPD \u00bb). Les engagements, d\u00e9crits dans la pr\u00e9sente charte de protection des donn\u00e9es personnelles, sont le t\u00e9moignage que nous continuons \u00e0 nous attacher aux valeurs et aux principes qui ont fait notre force depuis longtemps.<\/p><p>En utilisant les sites de Saint Clair Textiles et les applications mobiles mis \u00e0 votre disposition, vous acceptez la collecte et l\u2019utilisation de vos donn\u00e9es personnelles de la mani\u00e8re d\u00e9crite dans la pr\u00e9sente Charte de protection des donn\u00e9es.<\/p><p>\u00a0<\/p><p><strong>CHAMP D\u2019APPLICATION<\/strong><\/p><p>La pr\u00e9sente Charte de protection des donn\u00e9es d\u00e9crit de quelle mani\u00e8re Saint Clair Textiles traite vos donn\u00e9es \u00e0 caract\u00e8re personnel lorsque vous surfez sur son site internet et utilisez ses applications mobiles.<\/p><p>Au sens du RGPD, Saint Clair Textiles est \u2013 sauf cas exceptionnel qui vous serait alors notifi\u00e9 \u2013 responsable du traitement et d\u00e9termine les finalit\u00e9s et les moyens de ce traitement. Dans le cadre de ses traitements, Saint Clair Textiles pourrait \u00eatre amen\u00e9 \u00e0 collecter les donn\u00e9es suivantes :<\/p><ul><li>Pr\u00e9nom, nom, adresse, e-mail, t\u00e9l\u00e9phone<\/li><li>Donn\u00e9es de localisation<\/li><li>Adresse de facturation et\/ou de livraison<\/li><li>Adresse IP\/Mac<\/li><li>T\u00e9moins de connexions \u00ab cookies \u00bb<\/li><li>Donn\u00e9es de connexion et de navigation<\/li><li>Historique d\u2019achats de produits et services<\/li><li>D\u2019autres informations que vous pourrez \u00eatre amen\u00e9 \u00e0 nous communiquer sur une base volontaire<\/li><\/ul><p>Les champs marqu\u00e9s par un ast\u00e9risque sont obligatoires pour le traitement de votre demande de SAV, de service, pour satisfaire notre int\u00e9r\u00eat l\u00e9gitime (analyses statistiques par exemple), en vue de remplir nos obligations contractuelles ou l\u00e9gales, pour assurer la s\u00e9curit\u00e9 et la suret\u00e9 de nos sites et des transactions et des utilisateurs.<\/p><p>Les finalit\u00e9s suivantes requi\u00e8rent votre consentement conform\u00e9ment aux prescriptions l\u00e9gales en mati\u00e8re de traitement de donn\u00e9es \u00e0 caract\u00e8re personnel :<\/p><ul><li>Localisation<\/li><li>Enqu\u00eates de satisfaction<\/li><li>Prospections commerciales (ex : communication sur nos nouveaut\u00e9s produits)<\/li><li>Publicit\u00e9 cibl\u00e9e (Cf. Politique de cookies)<\/li><li>Participation \u00e0 un jeu-concours<\/li><li>Newsletter<\/li><li>Contact de relation commerciale (devis, commande, livraison, satisfaction client)<\/li><li>Communication sur les \u00e9volutions de catalogue produit<\/li><li>Lettres d\u2019information<\/li><li>Publicit\u00e9 cibl\u00e9e (Cf. Politique de cookies)<\/li><\/ul><p>Nous sommes amen\u00e9s \u00e0 collecter vos donn\u00e9es \u00e0 caract\u00e8re personnel lors d\u2019organisation de manifestations telles que les salons professionnels ou de rendez-vous ; ces donn\u00e9es pouvant \u00eatre collect\u00e9es directement par un collaborateur ou par tout moyen et support que Saint Clair Textiles pourrait trouver appropri\u00e9 et mettrait \u00e0 votre disposition. Lors des visites en nos locaux des moyens d\u2019enregistrement vid\u00e9o sont mis en place afin d\u2019assurer la suret\u00e9 et la s\u00e9curit\u00e9 des personnes et des biens. Un registre des personnes pr\u00e9sentes sur le site est tenu par l\u2019accueil ou par un agent de s\u00e9curit\u00e9 permettant \u00e0 l\u2019entreprise de respecter ses obligations l\u00e9gales en mati\u00e8re de statut douanier d\u2019Op\u00e9rateur Economique Agr\u00e9e (OEA).<\/p><p>\u00a0<\/p><p><strong>UNE DUREE DE CONSERVATION CONFORME A LA LOI ET ADEQUATE DANS LES AUTRES CAS<\/strong><\/p><p>Les donn\u00e9es \u00e0 caract\u00e8re personnel vous concernant sont conserv\u00e9es au plus tard le lendemain de la dur\u00e9e l\u00e9gale de conservation pr\u00e9vue par la loi ou un r\u00e8glement ; en cas d\u2019absence de dur\u00e9e de conservation pr\u00e9vue par la loi ou un r\u00e8glement notre politique en la mati\u00e8re est la suppression des donn\u00e9es \u00e0 caract\u00e8re personnel vous concernant dans un d\u00e9lai raisonnable en proc\u00e9dant de la sorte :<\/p><p>Les donn\u00e9es \u00e0 caract\u00e8re personnel sont supprim\u00e9es selon le type de donn\u00e9es et la base l\u00e9gale sur laquelle sa collecte se fonde soit par exemple 3 ans pour les donn\u00e9es sur la prospection, 2 ans \u00e0 partir du dernier contact sur les donn\u00e9es concernant vos candidatures \u00e0 des offres d\u2019emploi, et de 5 ans \u00e0 10 ans maximum pour les donn\u00e9es relatives \u00e0 l\u2019ex\u00e9cution d\u2019un contrat \u00e0 compter de la derni\u00e8re op\u00e9ration. Elles peuvent \u00eatre archiv\u00e9es avec un acc\u00e8s restreint pour une dur\u00e9e suppl\u00e9mentaire en lien avec les dur\u00e9es de prescription et de conservation l\u00e9gale pour des raisons strictement limit\u00e9es et autoris\u00e9es par la loi. Elles seront ensuite supprim\u00e9es d\u00e9finitivement ou anonymis\u00e9es dans le respect de l\u2019Avis du G29 en la mati\u00e8re.<\/p><p>\u00a0<\/p><p><strong>LES DESTINATAIRES DE VOS DONNEES<\/strong><\/p><p>Saint Clair Textiles ne transf\u00e8re ni \u00e0 titre gratuit ni \u00e0 titre on\u00e9reux vos donn\u00e9es \u00e0 caract\u00e8re personnel \u00e0 d\u2019autres entreprises \u00e0 des fins de marketing. Toutefois, nous pouvons faire appel aux services de prestataires et de sous-traitants en vue de vous offrir un service ou une prestation. Dans ce cas nous veillons scrupuleusement \u00e0 mettre en place avec ces derniers les mesures organisationnelles, de s\u00e9curit\u00e9 administratives, techniques et physiques en vue de prot\u00e9ger vos donn\u00e9es \u00e0 caract\u00e8re personnel contre toute divulgation, utilisation, modification et destruction illicite par des tiers. Saint Clair Textiles peut parfois transf\u00e9rer \u00e0 ses sous-traitants hors Union-Europ\u00e9enne vos donn\u00e9es personnelles pour les m\u00eames raisons que celles d\u00e9crites ci-dessus. Par exemple, lorsque vous vous inscrivez \u00e0 notre newsletter, les donn\u00e9es vous concernant sont susceptibles d\u2019\u00eatre transmises au service d\u2019emailing dont les serveurs se trouvent aux Etats-Unis. Cependant, vous en serez inform\u00e9 et Saint Clair Textiles vous assure de contr\u00f4ler leur protection ad\u00e9quate aux r\u00e8glementations fran\u00e7aise et europ\u00e9enne.<\/p><p>\u00a0<\/p><p><strong>LIENS VERS DES SITES EXTERIEURS<\/strong><\/p><p>Notre site contient des liens vers d\u2019autres sites tiers que nous nous attachons \u00e0 choisir avec la plus stricte rigueur. En cliquant sur ces liens dont nous ne sommes pas les propri\u00e9taires vous consentez \u00e0 d\u00e9charger Saint Clair Textiles de toute responsabilit\u00e9 quant \u00e0 la gestion \/ le traitement que ces sites peuvent faire de vos donn\u00e9es \u00e0 caract\u00e8re personnel. Nous vous conseillons de consulter les politiques et pratiques de confidentialit\u00e9 relatives \u00e0 ces sites tiers. Nous d\u00e9clinons toute responsabilit\u00e9 quant au contenu, aux produits et services et quant au traitement, \u00e0 l\u2019usage dont vos donn\u00e9es \u00e0 caract\u00e8re personnel peuvent faire l\u2019objet.<\/p><p>\u00a0<\/p><p><strong>MESURES DE SECURITE MISES EN PLACE<\/strong><\/p><p>Saint Clair Textiles s\u2019engage \u00e0 veiller \u00e0 la protection, la s\u00e9curit\u00e9, la confidentialit\u00e9 et l\u2019int\u00e9grit\u00e9 de vos donn\u00e9es \u00e0 caract\u00e8re personnel, en mettant en place des mesures techniques et organisationnelles ad\u00e9quates et reconnues et \u00e0 jour avec les r\u00e8gles de l\u2019art en la mati\u00e8re. Gage de notre engagement, nous avons nomm\u00e9 un D\u00e9l\u00e9gu\u00e9 \u00e0 la protection des donn\u00e9es dont la mission est de garantir la conformit\u00e9 des traitements que nous mettons en \u0153uvre, de tenir un registre des donn\u00e9es et de leurs traitements et d\u2019assurer que vous puissiez, le cas \u00e9ch\u00e9ant exercer tous vos droits issus de la loi.<\/p><p>\u00a0<\/p><p><strong>LA GESTION DE VOS DONNEES PERSONNELLES<\/strong><\/p><p>Nous sommes convaincus que vous devriez toujours rester ma\u00eetre de vos donn\u00e9es \u00e0 caract\u00e8re personnel. Par cons\u00e9quent nous vous laisserons toujours la possibilit\u00e9 d\u2019exercer vos droits reconnus par la loi et le RGPD qui sont les suivants :<\/p><ul><li>Le droit d\u2019acc\u00e8s : il vous permet \u00e0 tout moment de requ\u00e9rir de Saint Clair Textiles la confirmation que des donn\u00e9es \u00e0 caract\u00e8re personnel vous concernant sont ou ne sont pas trait\u00e9es par nos services. En cas de traitement, vous avez l\u00e9galement le droit d\u2019en exiger une copie.<\/li><li>Le droit de rectification : il est le corollaire du droit d\u2019acc\u00e8s et vous assure le droit de pouvoir demander \u00e0 Saint Clair Textiles la modification de vos informations.<\/li><li>Le droit \u00e0 l\u2019effacement : il vous permet d\u2019exiger que les donn\u00e9es \u00e0 caract\u00e8re personnel vous concernant et qui s\u2019av\u00e8rent inexactes, incompl\u00e8tes, \u00e9quivoques, p\u00e9rim\u00e9es, ou dont la collecte, l\u2019utilisation, la communication ou la conservation est interdite soient effac\u00e9es.<\/li><li>Le droit d\u2019opposition et de retrait de consentement qui vous permet d\u2019exiger de ne plus appara\u00eetre sur un de nos fichiers lorsque cela est possible l\u00e9galement.<\/li><li>Le droit de limitation du traitement : il vous permet de demander de suspendre un traitement vous concernant le temps d\u2019une v\u00e9rification.<\/li><li>Le droit \u00e0 la portabilit\u00e9. C\u2019est le droit d\u2019obtenir que vos donn\u00e9es \u00e0 caract\u00e8re personnel vous soient transmises, dans un format structur\u00e9, couramment utilis\u00e9 et lisible pour l\u2019ordinateur, \u00e0 vous m\u00eame ou \u00e0 un autre responsable de traitement, lorsque cela est techniquement possible.<\/li><\/ul><p>Saint Clair Textiles s\u2019engage \u00e0 supprimer vos donn\u00e9es \u00e0 l\u2019expiration d\u2019un d\u00e9lai raisonnable comme indiqu\u00e9 pr\u00e9c\u00e9demment.<\/p><p>Vous avez \u00e9galement le droit lorsque le Responsable de traitement n\u2019a pas donn\u00e9 suite \u00e0 votre demande dans le d\u00e9lai d\u2019un mois \u00e0 introduire une r\u00e9clamation aupr\u00e8s de la CNIL. Pour toute question relative \u00e0 la pr\u00e9sente charte ou pour l\u2019exercice de vos droits, vous pouvez nous envoyer conform\u00e9ment \u00e0 la r\u00e9glementation, une demande accompagn\u00e9e d\u2019un justificatif d\u2019identit\u00e9 valide par courrier ou par email aux coordonn\u00e9es suivantes :<\/p><ul><li>A l\u2019attention du D\u00e9l\u00e9gu\u00e9 \u00e0 la protection des donn\u00e9es<br \/>Saint Clair Textiles<\/li><\/ul><p>415 avenue de Savoie<\/p><p>38110 Saint-Clair-de-la-Tour \u2013 France<\/p><ul><li><a href=\"mailto:dpo@saintclairtextiles.com\">dpo@saintclairtextiles.com<\/a><\/li><\/ul><p>\u00a0<\/p><p><strong>MISE A JOUR DE NOTRE CHARTE DE PROTECTION DES DONNEES<\/strong><\/p><p>La pr\u00e9sente charte peut \u00eatre mise \u00e0 jour p\u00e9riodiquement et sans pr\u00e9avis. Toute modification entre en vigueur imm\u00e9diatement \u00e0 partir de la publication de la nouvelle charte sur le Site saintclairtextiles.com et sur les applications mobiles. Vous serez averti de tout changement important de la charte et nous solliciterons votre consentement en cas de changement notable quant \u00e0 la finalit\u00e9 de la collecte de vos donn\u00e9es \u00e0 caract\u00e8re personnel.<\/p><p>\u00a0<\/p><p><strong>LOI ET JURIDICTION APPLICABLE<\/strong><\/p><p>La pr\u00e9sente charte relative \u00e0 la protection de vos donn\u00e9es personnelles est r\u00e9gie par la loi fran\u00e7aise et tout litige \u00e0 son sujet rel\u00e8vera de la comp\u00e9tence exclusive des tribunaux fran\u00e7ais.<\/p><p>\u00a0<\/p><p><strong>COOKIES<\/strong><\/p><p>Saint Clair Textiles utilise des cookies qui ont pour finalit\u00e9 de faciliter votre exp\u00e9rience de navigation et d\u2019utilisation de ses diff\u00e9rents sites web ou de mesurer l\u2019audience du site. Dans le but d\u2019atteindre ces objectifs, des petits fichiers appel\u00e9s Cookies peuvent \u00eatre d\u00e9pos\u00e9s sur votre poste et ce pour une dur\u00e9e maximum de 13 mois \u00e0 compter de la date de recueil de votre consentement. A L\u2019issu de cette p\u00e9riode votre consentement sera \u00e0 nouveau recueilli.<\/p><p>\u00a0<\/p><p><strong>LES COOKIES QUE NOUS UTILISONS<\/strong><\/p><p>Nous utilisions deux types de cookies qui peuvent \u00eatre enregistr\u00e9s sur les appareils utilis\u00e9s pour naviguer sur nos sites. Les premiers sont n\u00e9cessaires au bon d\u00e9roulement de la navigation sur nos sites web. Les seconds nous permettent de mesurer l\u2019audience de nos sites.<\/p><ul><li>Les Cookies Techniques sont n\u00e9cessaires au bon d\u00e9roulement de l\u2019exp\u00e9rience de navigation sur nos sites. Ils permettent d\u2019adapter le contenu pr\u00e9sent\u00e9 aux pr\u00e9f\u00e9rences de l\u2019utilisateur comme par exemple la langue ou la r\u00e9solution d\u2019affichage. Ce sont aussi ces cookies qui permettent d\u2019enregistrer les mots de passe ou le contenu d\u2019un formulaire. Ils jouent un r\u00f4le important pour la mise en \u0153uvre de mesures de s\u00e9curit\u00e9 et leur suppression peut emp\u00eacher d\u2019acc\u00e9der \u00e0 l\u2019ensemble des fonctionnalit\u00e9s de nos sites web.<\/li><li>Les Cookies de mesure d\u2019audience sont \u00e9mis par Saint Clair Textiles ou ses prestataires techniques. Ils permettent de mesurer anonymement le trafic r\u00e9alis\u00e9 sur nos sites web. Ils permettent aussi d\u2019am\u00e9liorer l\u2019exp\u00e9rience utilisateur en d\u00e9tectant les soucis de navigation.<\/li><\/ul><p>\u00a0<\/p><p><strong>COMMENT GERER CES COOKIES ?<\/strong><\/p><p>Votre navigateur (Chrome, Firefox, Edge, Safari\u2026) vous permet de refuser ces cookies. Pour cela, vous pouvez suivre les \u00e9tapes suivantes, selon votre navigateur :<\/p><ul><li>Sur Edge : Cliquer sur le bouton Outils, puis sur Options Internet<\/li><\/ul><p>Sous l\u2019onglet G\u00e9n\u00e9ral, sous Historique de navigation, cliquer sur Param\u00e8tres<\/p><p>Cliquer sur le bouton Afficher les fichiers<\/p><p>S\u00e9lectionner les cookies \u00e0 refuser et cliquer sur supprimer<\/p><p>\u00a0<\/p><ul><li>Sur Firefox : Cliquer sur l\u2019ic\u00f4ne Outils du navigateur, s\u00e9lectionner le menu Options<\/li><\/ul><p>Dans la fen\u00eatre qui s\u2019affiche, choisir \u00ab Vie priv\u00e9e \u00bb et cliquer sur \u00ab Affichez les cookies \u00bb<\/p><p>S\u00e9lectionner les cookies \u00e0 refuser et cliquer sur supprimer<\/p><p>\u00a0<\/p><ul><li>Sur Safari : Cliquer sur l\u2019ic\u00f4ne \u00c9dition, s\u00e9lectionner le menu Pr\u00e9f\u00e9rences<\/li><\/ul><p>Cliquer sur S\u00e9curit\u00e9 puis sur Afficher les cookies<\/p><p>S\u00e9lectionner les cookies \u00e0 refuser et cliquer sur supprimer<\/p><p>\u00a0<\/p><ul><li>Sur Google Chrome : Cliquer sur l\u2019ic\u00f4ne Outils, s\u00e9lectionner le menu Options puis cliquer l\u2019onglet Options avanc\u00e9es et acc\u00e9der \u00e0 la section \u00ab Confidentialit\u00e9 \u00bb<\/li><\/ul><p>Cliquer sur le bouton \u00ab Afficher les cookies \u00bb<\/p><p>S\u00e9lectionner les cookies \u00e0 refuser puis cliquer sur supprimer<\/p><p>Pour tout support concernant les diff\u00e9rents navigateurs, Saint Clair Textiles recommande de se r\u00e9f\u00e9rer \u00e0 la documentation officielle.<\/p><\/div><\/header><\/div>\n\t\t\t\t<\/div>\n\t\t\t\t<\/div>\n\t\t\t\t\t\t<\/div>\n\t\t\t\t\t<\/div>\n\t\t<\/div>\n\t\t\t\t\t\t\t\t<\/div>\n\t\t\t\t\t<\/div>\n\t\t<\/section>\n\t\t\t\t\t\t<\/div>\n\t\t\t\t\t\t<\/div>\n\t\t\t\t\t<\/div>\n\t\t","protected":false},"excerpt":{"rendered":"<p>Charte de protection des donn\u00e9es La protection des donn\u00e9es personnelles de ses clients est une priorit\u00e9 absolue au sein de Saint Clair Textiles. De tout temps nous avons veill\u00e9 \u00e0 respecter les lois en la mati\u00e8re notamment la loi n\u00b0 78-17 du 6 janvier 1978 relative \u00e0 l\u2019informatique, aux fichiers et aux libert\u00e9s, modifi\u00e9e par &#8230; <a title=\"CHARTE DE PROTECTION DES DONN\u00c9ES\" class=\"read-more\" href=\"https:\/\/www.evergreen-fabrics.com\/fr\/charte-de-protection-des-donnees\/\" aria-label=\"More on CHARTE DE PROTECTION DES DONN\u00c9ES\">Lire plus<\/a><\/p>\n","protected":false},"author":4,"featured_media":0,"parent":0,"menu_order":0,"comment_status":"closed","ping_status":"closed","template":"elementor_header_footer","meta":{"footnotes":""},"class_list":["post-2626","page","type-page","status-publish"],"yoast_head":"<!-- This site is optimized with the Yoast SEO plugin v14.9 - https:\/\/yoast.com\/wordpress\/plugins\/seo\/ -->\n<title>CHARTE DE PROTECTION DES DONN\u00c9ES - Evergreen Fabrics<\/title>\n<meta name=\"robots\" content=\"index, follow, max-snippet:-1, max-image-preview:large, max-video-preview:-1\" \/>\n<link rel=\"canonical\" href=\"http:\/\/test.evergreen-fabrics.com\/fr\/charte-de-protection-des-donnees\/\" \/>\n<meta property=\"og:locale\" content=\"fr_FR\" \/>\n<meta property=\"og:type\" content=\"article\" \/>\n<meta property=\"og:title\" content=\"CHARTE DE PROTECTION DES DONN\u00c9ES - Evergreen Fabrics\" \/>\n<meta property=\"og:description\" content=\"Charte de protection des donn\u00e9es La protection des donn\u00e9es personnelles de ses clients est une priorit\u00e9 absolue au sein de Saint Clair Textiles. De tout temps nous avons veill\u00e9 \u00e0 respecter les lois en la mati\u00e8re notamment la loi n\u00b0 78-17 du 6 janvier 1978 relative \u00e0 l\u2019informatique, aux fichiers et aux libert\u00e9s, modifi\u00e9e par ... Lire plus\" \/>\n<meta property=\"og:url\" content=\"http:\/\/test.evergreen-fabrics.com\/fr\/charte-de-protection-des-donnees\/\" \/>\n<meta property=\"og:site_name\" content=\"Evergreen Fabrics\" \/>\n<meta property=\"article:modified_time\" content=\"2021-04-01T14:22:44+00:00\" \/>\n<meta name=\"twitter:card\" content=\"summary_large_image\" \/>\n<script type=\"application\/ld+json\" class=\"yoast-schema-graph\">{\"@context\":\"https:\/\/schema.org\",\"@graph\":[{\"@type\":\"WebSite\",\"@id\":\"https:\/\/www.evergreen-fabrics.com\/fr\/#website\",\"url\":\"https:\/\/www.evergreen-fabrics.com\/fr\/\",\"name\":\"Evergreen Fabrics\",\"description\":\"Eco-friendly fabrics for advertising and decoration\",\"potentialAction\":[{\"@type\":\"SearchAction\",\"target\":\"https:\/\/www.evergreen-fabrics.com\/fr\/?s={search_term_string}\",\"query-input\":\"required name=search_term_string\"}],\"inLanguage\":\"fr-FR\"},{\"@type\":\"WebPage\",\"@id\":\"http:\/\/test.evergreen-fabrics.com\/fr\/charte-de-protection-des-donnees\/#webpage\",\"url\":\"http:\/\/test.evergreen-fabrics.com\/fr\/charte-de-protection-des-donnees\/\",\"name\":\"CHARTE DE PROTECTION DES DONN\\u00c9ES - Evergreen Fabrics\",\"isPartOf\":{\"@id\":\"https:\/\/www.evergreen-fabrics.com\/fr\/#website\"},\"datePublished\":\"2021-03-29T08:55:17+00:00\",\"dateModified\":\"2021-04-01T14:22:44+00:00\",\"inLanguage\":\"fr-FR\",\"potentialAction\":[{\"@type\":\"ReadAction\",\"target\":[\"http:\/\/test.evergreen-fabrics.com\/fr\/charte-de-protection-des-donnees\/\"]}]}]}<\/script>\n<!-- \/ Yoast SEO plugin. -->","_links":{"self":[{"href":"https:\/\/www.evergreen-fabrics.com\/fr\/wp-json\/wp\/v2\/pages\/2626","targetHints":{"allow":["GET"]}}],"collection":[{"href":"https:\/\/www.evergreen-fabrics.com\/fr\/wp-json\/wp\/v2\/pages"}],"about":[{"href":"https:\/\/www.evergreen-fabrics.com\/fr\/wp-json\/wp\/v2\/types\/page"}],"author":[{"embeddable":true,"href":"https:\/\/www.evergreen-fabrics.com\/fr\/wp-json\/wp\/v2\/users\/4"}],"replies":[{"embeddable":true,"href":"https:\/\/www.evergreen-fabrics.com\/fr\/wp-json\/wp\/v2\/comments?post=2626"}],"version-history":[{"count":3,"href":"https:\/\/www.evergreen-fabrics.com\/fr\/wp-json\/wp\/v2\/pages\/2626\/revisions"}],"predecessor-version":[{"id":2743,"href":"https:\/\/www.evergreen-fabrics.com\/fr\/wp-json\/wp\/v2\/pages\/2626\/revisions\/2743"}],"wp:attachment":[{"href":"https:\/\/www.evergreen-fabrics.com\/fr\/wp-json\/wp\/v2\/media?parent=2626"}],"curies":[{"name":"wp","href":"https:\/\/api.w.org\/{rel}","templated":true}]}}